{"id":9260,"date":"2020-02-17T18:20:26","date_gmt":"2020-02-17T16:20:26","guid":{"rendered":"http:\/\/vsmatzen-raggendorf.ac.at\/?page_id=9260"},"modified":"2023-01-10T16:49:33","modified_gmt":"2023-01-10T14:49:33","slug":"schulprofil","status":"publish","type":"page","link":"https:\/\/vsmatzen-raggendorf.ac.at\/?page_id=9260","title":{"rendered":"Unsere Schule"},"content":{"rendered":"<p style=\"text-align: left;\"><span style=\"font-family: comic sans ms, sans-serif;\"><img loading=\"lazy\" decoding=\"async\" class=\"alignnone size-medium wp-image-9299\" src=\"http:\/\/vsmatzen-raggendorf.ac.at\/wp-content\/uploads\/2020\/03\/Schule-neu-300x152.jpg\" alt=\"\" width=\"300\" height=\"152\" srcset=\"https:\/\/vsmatzen-raggendorf.ac.at\/wp-content\/uploads\/2020\/03\/Schule-neu-300x152.jpg 300w, https:\/\/vsmatzen-raggendorf.ac.at\/wp-content\/uploads\/2020\/03\/Schule-neu-1024x520.jpg 1024w, https:\/\/vsmatzen-raggendorf.ac.at\/wp-content\/uploads\/2020\/03\/Schule-neu-768x390.jpg 768w, https:\/\/vsmatzen-raggendorf.ac.at\/wp-content\/uploads\/2020\/03\/Schule-neu.jpg 1280w\" sizes=\"(max-width: 300px) 100vw, 300px\" \/>Das Ge<\/span><span style=\"font-family: comic sans ms, sans-serif;\">b\u00e4ude der Schule liegt in Mitten der Marktgemeinde Matzen-Raggendorf, mit der Adresse Jubil\u00e4umsplatz 10a. Im gleichen Geb\u00e4ude ist a<\/span><span style=\"font-family: comic sans ms, sans-serif;\">uch die Sportmittelschule Matzen untergebracht.<\/span><\/p>\n<p><span style=\"font-family: comic sans ms, sans-serif;\">Die Sch\u00fclerinnen und Sch\u00fcler kommen aus den Marktgemeinden Matzen, Raggendorf und Klein Harras. <\/span><\/p>\n<p><span style=\"font-family: comic sans ms, sans-serif;\">An die Schule angeschlossen im gleichen Geb\u00e4ude ist auch ein Hort zur Nachmittagsbetreuung.<img loading=\"lazy\" decoding=\"async\" class=\"size-full wp-image-9261 alignright\" src=\"http:\/\/vsmatzen-raggendorf.ac.at\/wp-content\/uploads\/2020\/02\/hort.jpg\" alt=\"\" width=\"300\" height=\"225\"><\/span><\/p>\n<p><span style=\"font-family: comic sans ms, sans-serif;\">Die halbt\u00e4gig gef\u00fchrte Volksschule hat 8 Klassen und zus\u00e4tzliche R\u00e4ume, wie Turnsaal, Turnhalle und Schwimmbad, die gemeinsam mit der SMS Matzen genutzt werden k\u00f6nnen.<\/span><\/p>\n<p><span style=\"font-family: comic sans ms, sans-serif;\">Insgesamt kann die Lehrmittelausstattung als hervorragend bezeichnet werden. Jede Klasse ist bereits mit mindestens 3 PCs ausgestattet. Im gut ausgestattenen Wekraum f\u00fcr Technisches Werken k\u00f6nnen altersad\u00e4quate Bastelarbeiten entstehen. In der mit Sitzs\u00e4cken und Loungem\u00f6bel ausgestatteten Bibilothek wird das gem\u00fctliche Lesen n\u00e4her gebracht.<br \/>\n<\/span><\/p>\n<p><span style=\"font-family: comic sans ms, sans-serif;\">Derzeitige Zusammensetzung des Lehrerteams:<\/span><\/p>\n<p><span style=\"font-family: comic sans ms, sans-serif;\">8 klassenf\u00fchrende Lehrerinnen<\/span><br \/>\n<span style=\"font-family: comic sans ms, sans-serif;\">1 Religionslehrerin r\u00f6m. kath.<\/span><br \/>\n<span style=\"font-family: comic sans ms, sans-serif;\">1 Religionslehrer islam.<\/span><br \/>\n<span style=\"font-family: comic sans ms, sans-serif;\">1 Lehrerin f\u00fcr F\u00f6rderstunden<\/span><br \/>\n<span style=\"font-family: comic sans ms, sans-serif;\">1 Leiter<\/span><\/p>\n<p><span style=\"font-family: comic sans ms, sans-serif;\"><strong>1. Besondere Angebote der Schule<\/strong><\/span><\/p>\n<p><span style=\"font-family: comic sans ms, sans-serif;\">\u2022 Logop\u00e4dische Betreuung<\/span><br \/>\n<span style=\"font-family: comic sans ms, sans-serif;\">\u2022 F\u00f6rderunterricht f\u00fcr Kinder mit nicht deutscher Muttersprache<\/span><br \/>\n<span style=\"font-family: comic sans ms, sans-serif;\">\u2022 Unverbindliche \u00dcbung Englisch ab der 3. Schulstufe<\/span><br \/>\n<span style=\"font-family: comic sans ms, sans-serif;\">\u2022 Unverbindliche \u00dcbung Musikalisches Gestalten in der 3. und 4. Schulstufe<\/span><br \/>\n<span style=\"font-family: comic sans ms, sans-serif;\">\u2022 Unverbindliche \u00dcbung &#8222;Darstellendes Spiel&#8220;<\/span><br \/>\n<span style=\"font-family: comic sans ms, sans-serif;\">\u2022 F\u00fchrung von &#8222;Bl\u00e4serklassen&#8220; in 3. und 4. Schulstufe<\/span><br \/>\n<span style=\"font-family: comic sans ms, sans-serif;\">\u2022 Computergest\u00fctzter Unterricht\/Einf\u00fchrung in die Informatik<\/span><br \/>\n<span style=\"font-family: comic sans ms, sans-serif;\">\u2022 Gesunde Ern\u00e4hrung<\/span><br \/>\n<span style=\"font-family: comic sans ms, sans-serif;\">\u2022 Bewegung und Sport<\/span><br \/>\n<span style=\"font-family: comic sans ms, sans-serif;\">\u2022 Schwimmen<\/span><br \/>\n<span style=\"font-family: comic sans ms, sans-serif;\">\u2022 Eislaufen<\/span><\/p>\n<p><span style=\"font-family: comic sans ms, sans-serif;\"><strong>2. Schwerpunkte der p\u00e4dagogischen Arbeit<\/strong><\/span><\/p>\n<p><span style=\"font-family: comic sans ms, sans-serif;\">\u2022 Soziales Lernen<\/span><br \/>\n<span style=\"font-family: comic sans ms, sans-serif;\">\u2022 Unterrichtsarbeit auf Grundlage der Bildungsstandards in Deutsch\/Lesen\/Schreiben und Mathematik<\/span><br \/>\n<span style=\"font-family: comic sans ms, sans-serif;\">\u2022 Offene Lernformen<\/span><br \/>\n<span style=\"font-family: comic sans ms, sans-serif;\">\u2022 Freie Arbeits- und Lernphase<\/span><br \/>\n<span style=\"font-family: comic sans ms, sans-serif;\">\u2022 Differenzierter und individualisierter Unterricht<\/span><br \/>\n<span style=\"font-family: comic sans ms, sans-serif;\">\u2022 Schulprojekte: Lesenacht, Lesefest, Musical<\/span><br \/>\n<span style=\"font-family: comic sans ms, sans-serif;\">\u2022 Projektorientierte Unterrichtsformen<\/span><br \/>\n<span style=\"font-family: comic sans ms, sans-serif;\">\u2022 Theatervorstellungen<\/span><br \/>\n<span style=\"font-family: comic sans ms, sans-serif;\">\u2022 Individuelles Lesen- und Schreibenlernen<\/span><br \/>\n<span style=\"font-family: comic sans ms, sans-serif;\">\u2022 Buchstabentage in der 1. Schulstufe<\/span><br \/>\n<span style=\"font-family: comic sans ms, sans-serif;\">\u2022 Nutzung einschl\u00e4giger Internetplattformen zur Planung und Vorbereitung des Unterrichts<\/span><br \/>\n<span style=\"font-family: comic sans ms, sans-serif;\">\u2022 Durchf\u00fchrung von Projektwochen<\/span><br \/>\n<span style=\"font-family: comic sans ms, sans-serif;\">\u2022 Schnupperfest f\u00fcr Schulneulinge<\/span><br \/>\n<span style=\"font-family: comic sans ms, sans-serif;\">\u2022 Regelm\u00e4\u00dfige Durchf\u00fchrung von Lehrausg\u00e4ngen und Wandertagen<\/span><br \/>\n<span style=\"font-family: comic sans ms, sans-serif;\">\u2022 Klassen\u00fcbergreifende Projekte<\/span><\/p>\n<p><span style=\"font-family: comic sans ms, sans-serif;\"><strong>3. Kooperation mit au\u00dferschulischen Institutionen<\/strong><\/span><\/p>\n<p><span style=\"font-family: comic sans ms, sans-serif;\">\u2022 Buchausstellungen bei Elternsprechtagen<\/span><br \/>\n<span style=\"font-family: comic sans ms, sans-serif;\">\u2022 Zusammenarbeit mit Exekutive &#8211; Verkehrserziehung<\/span><br \/>\n<span style=\"font-family: comic sans ms, sans-serif;\">\u2022 Radfahrpr\u00fcfung f\u00fcr die 4. Klassen<\/span><br \/>\n<span style=\"font-family: comic sans ms, sans-serif;\">\u2022 Schulpsychologischer Dienst<\/span><br \/>\n<span style=\"font-family: comic sans ms, sans-serif;\">\u2022 Arbeit an der Nahtstellenproblematik durch Zusammenarbeit mit Mittelschule und Kinderg\u00e4rten<\/span><\/p>\n<p><span style=\"font-family: comic sans ms, sans-serif;\"><strong>4. Ma\u00dfnahmen zur Qualit\u00e4tsentwicklung und Qualit\u00e4tssicherung<\/strong><\/span><\/p>\n<p><span style=\"font-family: comic sans ms, sans-serif;\">\u2022 Zahlreiche Teilnahme an Seminaren zur Fortbildung<\/span><br \/>\n<span style=\"font-family: comic sans ms, sans-serif;\">&nbsp;&nbsp;&nbsp;&#8211; P\u00e4dagogische Hochschule<\/span><br \/>\n<span style=\"font-family: comic sans ms, sans-serif;\">&nbsp;&nbsp;&nbsp;&#8211; Religionsp\u00e4dagogische Hochschule<\/span><br \/>\n<span style=\"font-family: comic sans ms, sans-serif;\">&nbsp;&nbsp;&nbsp;&#8211; bei Schulbuchverlagen<\/span><br \/>\n<span style=\"font-family: comic sans ms, sans-serif;\">\u2022 P\u00e4dagogische Konferenzen<\/span><br \/>\n<span style=\"font-family: comic sans ms, sans-serif;\">\u2022 Weiterentwicklung offener Lernformen<\/span><br \/>\n<span style=\"font-family: comic sans ms, sans-serif;\">\u2022 Zielorientierte Mitarbeitergespr\u00e4che<\/span><br \/>\n<span style=\"font-family: comic sans ms, sans-serif;\">\u2022 Laufende Evaluierung des schulischen F\u00f6rderkonzeptes<\/span><br \/>\n<span style=\"font-family: comic sans ms, sans-serif;\">\u2022 Entwicklung und Evaluierung des Schulprogramms<\/span><br \/>\n<span style=\"font-family: comic sans ms, sans-serif;\">\u2022 Entwicklung und Aktualisierung der Schulhomepage<\/span><\/p>\n<p><span style=\"font-family: comic sans ms, sans-serif;\"><strong>5. Zielvorstellung:<\/strong><\/span><\/p>\n<p><span style=\"font-family: comic sans ms, sans-serif;\">Wir sind st\u00e4ndig auf der Suche nach Neuem, ohne das Althergebrachte zu vergessen.<\/span><\/p>\n<p><span style=\"font-family: comic sans ms, sans-serif;\">Daher streben wir stets nach einer Angebotserweiterung mit dem Ziel, eine <strong>All-Inclusive-Volksschule<\/strong> bieten zu k\u00f6nnen.<\/span><\/p>\n","protected":false},"excerpt":{"rendered":"<p>Das Geb\u00e4ude der Schule liegt in Mitten der Marktgemeinde Matzen-Raggendorf, mit der Adresse Jubil\u00e4umsplatz 10a. Im gleichen Geb\u00e4ude ist auch die Sportmittelschule Matzen untergebracht. Die Sch\u00fclerinnen und Sch\u00fcler kommen aus den Marktgemeinden Matzen, Raggendorf und Klein Harras. An die Schule angeschlossen im gleichen Geb\u00e4ude ist auch ein Hort zur Nachmittagsbetreuung. Die halbt\u00e4gig gef\u00fchrte Volksschule hat [&hellip;]<\/p>\n","protected":false},"author":6,"featured_media":0,"parent":0,"menu_order":0,"comment_status":"closed","ping_status":"closed","template":"","meta":{"ngg_post_thumbnail":0,"footnotes":""},"class_list":["post-9260","page","type-page","status-publish","hentry"],"_links":{"self":[{"href":"https:\/\/vsmatzen-raggendorf.ac.at\/index.php?rest_route=\/wp\/v2\/pages\/9260"}],"collection":[{"href":"https:\/\/vsmatzen-raggendorf.ac.at\/index.php?rest_route=\/wp\/v2\/pages"}],"about":[{"href":"https:\/\/vsmatzen-raggendorf.ac.at\/index.php?rest_route=\/wp\/v2\/types\/page"}],"author":[{"embeddable":true,"href":"https:\/\/vsmatzen-raggendorf.ac.at\/index.php?rest_route=\/wp\/v2\/users\/6"}],"replies":[{"embeddable":true,"href":"https:\/\/vsmatzen-raggendorf.ac.at\/index.php?rest_route=%2Fwp%2Fv2%2Fcomments&post=9260"}],"version-history":[{"count":9,"href":"https:\/\/vsmatzen-raggendorf.ac.at\/index.php?rest_route=\/wp\/v2\/pages\/9260\/revisions"}],"predecessor-version":[{"id":9631,"href":"https:\/\/vsmatzen-raggendorf.ac.at\/index.php?rest_route=\/wp\/v2\/pages\/9260\/revisions\/9631"}],"wp:attachment":[{"href":"https:\/\/vsmatzen-raggendorf.ac.at\/index.php?rest_route=%2Fwp%2Fv2%2Fmedia&parent=9260"}],"curies":[{"name":"wp","href":"https:\/\/api.w.org\/{rel}","templated":true}]}}