{"id":9176,"date":"2019-07-01T09:38:40","date_gmt":"2019-07-01T07:38:40","guid":{"rendered":"http:\/\/vsmatzen-raggendorf.ac.at\/?page_id=9176"},"modified":"2025-11-27T12:48:56","modified_gmt":"2025-11-27T10:48:56","slug":"lehrerteam","status":"publish","type":"page","link":"https:\/\/vsmatzen-raggendorf.ac.at\/?page_id=9176","title":{"rendered":"Lehrerteam"},"content":{"rendered":"<p><img loading=\"lazy\" decoding=\"async\" class=\"alignnone wp-image-10307\" src=\"https:\/\/vsmatzen-raggendorf.ac.at\/wp-content\/uploads\/2025\/11\/Team-300x254.png\" alt=\"\" width=\"599\" height=\"507\" srcset=\"https:\/\/vsmatzen-raggendorf.ac.at\/wp-content\/uploads\/2025\/11\/Team-300x254.png 300w, https:\/\/vsmatzen-raggendorf.ac.at\/wp-content\/uploads\/2025\/11\/Team-1024x866.png 1024w, https:\/\/vsmatzen-raggendorf.ac.at\/wp-content\/uploads\/2025\/11\/Team-768x650.png 768w, https:\/\/vsmatzen-raggendorf.ac.at\/wp-content\/uploads\/2025\/11\/Team.png 1202w\" sizes=\"(max-width: 599px) 100vw, 599px\" \/><\/p>\n<table style=\"width: 86.1141%; height: 2232px; border-collapse: collapse;\">\n<tbody>\n<tr style=\"height: 23px;\">\n<td style=\"width: 28.2344%; height: 23px; text-align: left;\">Direktion:<\/td>\n<td style=\"width: 45.6541%; height: 23px; text-align: left;\">Dir. Christian Wendy<\/td>\n<td style=\"width: 32.4394%; height: 23px; text-align: center;\">&nbsp;<\/td>\n<\/tr>\n<tr style=\"height: 23px;\">\n<td style=\"width: 28.2344%; height: 23px; text-align: left;\">&nbsp;<\/td>\n<td style=\"width: 45.6541%; height: 23px; text-align: left;\">&nbsp;<\/td>\n<td style=\"width: 32.4394%; height: 23px; text-align: center;\">&nbsp;<\/td>\n<\/tr>\n<tr style=\"height: 24px;\">\n<td style=\"width: 28.2344%; text-align: left; height: 24px;\">Schulleitung:<\/td>\n<td style=\"width: 45.6541%; text-align: left; height: 24px;\">Dipl. P\u00e4d. Andrea Nemesch<\/td>\n<td style=\"width: 32.4394%; text-align: center; height: 24px;\"><img loading=\"lazy\" decoding=\"async\" class=\"alignnone wp-image-10290\" src=\"https:\/\/vsmatzen-raggendorf.ac.at\/wp-content\/uploads\/2025\/11\/Andrea-199x300.png\" alt=\"\" width=\"167\" height=\"251\" srcset=\"https:\/\/vsmatzen-raggendorf.ac.at\/wp-content\/uploads\/2025\/11\/Andrea-199x300.png 199w, https:\/\/vsmatzen-raggendorf.ac.at\/wp-content\/uploads\/2025\/11\/Andrea.png 652w\" sizes=\"(max-width: 167px) 100vw, 167px\" \/><\/td>\n<\/tr>\n<tr style=\"height: 24px;\">\n<td style=\"width: 28.2344%; text-align: left; height: 24px;\">&nbsp;<\/td>\n<td style=\"width: 45.6541%; text-align: left; height: 24px;\">&nbsp;<\/td>\n<td style=\"width: 32.4394%; text-align: center; height: 24px;\">&nbsp;<\/td>\n<\/tr>\n<tr style=\"height: 23px;\">\n<td style=\"width: 28.2344%; height: 23px; text-align: left;\">Klassenf\u00fchrend 1a:<\/td>\n<td style=\"width: 45.6541%; height: 23px; text-align: left;\">Prof. Natalie Gr\u00fcninger, BEd&nbsp;<\/td>\n<td style=\"width: 32.4394%; height: 23px; text-align: center;\"><img loading=\"lazy\" decoding=\"async\" class=\"alignnone wp-image-10297\" src=\"https:\/\/vsmatzen-raggendorf.ac.at\/wp-content\/uploads\/2025\/11\/Natalie-198x300.png\" alt=\"\" width=\"164\" height=\"248\" srcset=\"https:\/\/vsmatzen-raggendorf.ac.at\/wp-content\/uploads\/2025\/11\/Natalie-198x300.png 198w, https:\/\/vsmatzen-raggendorf.ac.at\/wp-content\/uploads\/2025\/11\/Natalie.png 647w\" sizes=\"(max-width: 164px) 100vw, 164px\" \/><\/td>\n<\/tr>\n<tr style=\"height: 24px;\">\n<td style=\"width: 28.2344%; text-align: left; height: 24px;\">&nbsp;<\/td>\n<td style=\"width: 45.6541%; text-align: left; height: 24px;\">&nbsp;<\/td>\n<td style=\"width: 32.4394%; text-align: center; height: 24px;\">&nbsp;<\/td>\n<\/tr>\n<tr style=\"height: 24px;\">\n<td style=\"width: 28.2344%; text-align: left; height: 24px;\">Klassenf\u00fchrend 1b:<\/td>\n<td style=\"width: 45.6541%; text-align: left; height: 24px;\">Dipl. P\u00e4d. Petra Engelmaier<\/td>\n<td style=\"width: 32.4394%; text-align: center; height: 24px;\">&nbsp;<\/td>\n<\/tr>\n<tr style=\"height: 24px;\">\n<td style=\"width: 28.2344%; text-align: left; height: 24px;\">&nbsp;<\/td>\n<td style=\"width: 45.6541%; text-align: left; height: 24px;\">&nbsp;<\/td>\n<td style=\"width: 32.4394%; text-align: center; height: 24px;\">&nbsp;<\/td>\n<\/tr>\n<tr style=\"height: 24px;\">\n<td style=\"width: 28.2344%; text-align: left; height: 24px;\">Klassenf\u00fchrend 2a:<\/td>\n<td style=\"width: 45.6541%; text-align: left; height: 24px;\">Dipl. P\u00e4d. Verena Holzinger<\/td>\n<td style=\"width: 32.4394%; text-align: center; height: 24px;\"><img loading=\"lazy\" decoding=\"async\" class=\"alignnone wp-image-10299\" src=\"https:\/\/vsmatzen-raggendorf.ac.at\/wp-content\/uploads\/2025\/11\/Verena-213x300.png\" alt=\"\" width=\"165\" height=\"232\" srcset=\"https:\/\/vsmatzen-raggendorf.ac.at\/wp-content\/uploads\/2025\/11\/Verena-213x300.png 213w, https:\/\/vsmatzen-raggendorf.ac.at\/wp-content\/uploads\/2025\/11\/Verena.png 632w\" sizes=\"(max-width: 165px) 100vw, 165px\" \/><\/td>\n<\/tr>\n<tr style=\"height: 24px;\">\n<td style=\"width: 28.2344%; text-align: left; height: 24px;\">&nbsp;<\/td>\n<td style=\"width: 45.6541%; text-align: left; height: 24px;\">&nbsp;<\/td>\n<td style=\"width: 32.4394%; text-align: center; height: 24px;\">&nbsp;<\/td>\n<\/tr>\n<tr style=\"height: 24px;\">\n<td style=\"width: 28.2344%; text-align: left; height: 24px;\">Klassenf\u00fchrend 2b:<\/td>\n<td style=\"width: 45.6541%; text-align: left; height: 24px;\">Dipl. P\u00e4d. Doris Weiss-Lauer<\/td>\n<td style=\"width: 32.4394%; text-align: center; height: 24px;\">&nbsp;<\/td>\n<\/tr>\n<tr style=\"height: 24px;\">\n<td style=\"width: 28.2344%; text-align: left; height: 24px;\">&nbsp;<\/td>\n<td style=\"width: 45.6541%; text-align: left; height: 24px;\">&nbsp;<\/td>\n<td style=\"width: 32.4394%; text-align: center; height: 24px;\">&nbsp;<\/td>\n<\/tr>\n<tr style=\"height: 24px;\">\n<td style=\"width: 28.2344%; text-align: left; height: 24px;\">Klassenf\u00fchrend 3a:<\/td>\n<td style=\"width: 45.6541%; text-align: left; height: 24px;\">Dipl. P\u00e4d. Helga Tringl<\/td>\n<td style=\"width: 32.4394%; text-align: center; height: 24px;\"><img loading=\"lazy\" decoding=\"async\" class=\"alignnone wp-image-10301\" src=\"https:\/\/vsmatzen-raggendorf.ac.at\/wp-content\/uploads\/2025\/11\/Helga-199x300.png\" alt=\"\" width=\"166\" height=\"251\" srcset=\"https:\/\/vsmatzen-raggendorf.ac.at\/wp-content\/uploads\/2025\/11\/Helga-199x300.png 199w, https:\/\/vsmatzen-raggendorf.ac.at\/wp-content\/uploads\/2025\/11\/Helga.png 652w\" sizes=\"(max-width: 166px) 100vw, 166px\" \/><\/td>\n<\/tr>\n<tr style=\"height: 24px;\">\n<td style=\"width: 28.2344%; text-align: left; height: 24px;\">&nbsp;<\/td>\n<td style=\"width: 45.6541%; text-align: left; height: 24px;\">&nbsp;<\/td>\n<td style=\"width: 32.4394%; text-align: center; height: 24px;\">&nbsp;<\/td>\n<\/tr>\n<tr style=\"height: 24px;\">\n<td style=\"width: 28.2344%; height: 24px;\">Klassenf\u00fchrend 3b:<\/td>\n<td style=\"width: 45.6541%; height: 24px;\">Ingo Blatnek, BEd<\/td>\n<td style=\"width: 32.4394%; text-align: center; height: 24px;\">&nbsp;<\/td>\n<\/tr>\n<tr style=\"height: 24px;\">\n<td style=\"width: 28.2344%; text-align: left; height: 24px;\">&nbsp;<\/td>\n<td style=\"width: 45.6541%; text-align: left; height: 24px;\">&nbsp;<\/td>\n<td style=\"width: 32.4394%; text-align: center; height: 24px;\">&nbsp;<\/td>\n<\/tr>\n<tr style=\"height: 24px;\">\n<td style=\"width: 28.2344%; text-align: left; height: 24px;\">Klassenf\u00fchrend 4. Klasse:<\/td>\n<td style=\"width: 45.6541%; text-align: left; height: 24px;\">Dipl. P\u00e4d. Doris Sestak<\/td>\n<td style=\"width: 32.4394%; text-align: center; height: 24px;\"><img loading=\"lazy\" decoding=\"async\" class=\"alignnone wp-image-10303\" src=\"https:\/\/vsmatzen-raggendorf.ac.at\/wp-content\/uploads\/2025\/11\/DorisS-198x300.png\" alt=\"\" width=\"171\" height=\"259\" srcset=\"https:\/\/vsmatzen-raggendorf.ac.at\/wp-content\/uploads\/2025\/11\/DorisS-198x300.png 198w, https:\/\/vsmatzen-raggendorf.ac.at\/wp-content\/uploads\/2025\/11\/DorisS.png 646w\" sizes=\"(max-width: 171px) 100vw, 171px\" \/><\/td>\n<\/tr>\n<tr style=\"height: 24px;\">\n<td style=\"width: 28.2344%; text-align: left; height: 24px;\">&nbsp;<\/td>\n<td style=\"width: 45.6541%; text-align: left; height: 24px;\">&nbsp;<\/td>\n<td style=\"width: 32.4394%; text-align: center; height: 24px;\">&nbsp;<\/td>\n<\/tr>\n<tr style=\"height: 24px;\">\n<td style=\"width: 28.2344%; text-align: left; height: 24px;\">Religionslehrerin r.k.:<\/td>\n<td style=\"width: 45.6541%; text-align: left; height: 24px;\">Mag<span style=\"font-size: 8pt;\">a<\/span> Iveta H\u00f6rler<\/td>\n<td style=\"width: 32.4394%; text-align: center; height: 24px;\"><img loading=\"lazy\" decoding=\"async\" class=\"alignnone size-medium wp-image-10326\" src=\"https:\/\/vsmatzen-raggendorf.ac.at\/wp-content\/uploads\/2025\/11\/Iveta-197x300.png\" alt=\"\" width=\"197\" height=\"300\" srcset=\"https:\/\/vsmatzen-raggendorf.ac.at\/wp-content\/uploads\/2025\/11\/Iveta-197x300.png 197w, https:\/\/vsmatzen-raggendorf.ac.at\/wp-content\/uploads\/2025\/11\/Iveta.png 472w\" sizes=\"(max-width: 197px) 100vw, 197px\" \/><\/td>\n<\/tr>\n<tr style=\"height: 24px;\">\n<td style=\"width: 28.2344%; text-align: left; height: 24px;\">&nbsp;<\/td>\n<td style=\"width: 45.6541%; text-align: left; height: 24px;\">Dipl. P\u00e4d. Doris Weiss-Lauer<\/td>\n<td style=\"width: 32.4394%; text-align: center; height: 24px;\">&nbsp;<\/td>\n<\/tr>\n<tr style=\"height: 24px;\">\n<td style=\"width: 28.2344%; text-align: left; height: 24px;\">&nbsp;<\/td>\n<td style=\"width: 45.6541%; text-align: left; height: 24px;\">&nbsp;<\/td>\n<td style=\"width: 32.4394%; text-align: center; height: 24px;\">&nbsp;<\/td>\n<\/tr>\n<tr style=\"height: 24px;\">\n<td style=\"width: 28.2344%; height: 24px;\">P\u00e4dagogische Unterst\u00fctzung:<\/td>\n<td style=\"width: 45.6541%; height: 24px;\">Prof. Anna Kohlhuber, BEd<\/td>\n<td style=\"width: 32.4394%; text-align: center; height: 24px;\"><img loading=\"lazy\" decoding=\"async\" class=\"alignnone wp-image-10305\" src=\"https:\/\/vsmatzen-raggendorf.ac.at\/wp-content\/uploads\/2025\/11\/Anna-198x300.png\" alt=\"\" width=\"166\" height=\"251\" srcset=\"https:\/\/vsmatzen-raggendorf.ac.at\/wp-content\/uploads\/2025\/11\/Anna-198x300.png 198w, https:\/\/vsmatzen-raggendorf.ac.at\/wp-content\/uploads\/2025\/11\/Anna.png 647w\" sizes=\"(max-width: 166px) 100vw, 166px\" \/><\/td>\n<\/tr>\n<tr style=\"height: 24px;\">\n<td style=\"width: 28.2344%; text-align: left; height: 24px;\">&nbsp;<\/td>\n<td style=\"width: 45.6541%; text-align: left; height: 24px;\">&nbsp;<\/td>\n<td style=\"width: 32.4394%; text-align: center; height: 24px;\">&nbsp;<\/td>\n<\/tr>\n<tr style=\"height: 24px;\">\n<td style=\"width: 28.2344%; text-align: left; height: 24px;\">Religionslehrer isl.:<\/td>\n<td style=\"width: 45.6541%; text-align: left; height: 24px;\">Abbass Loay<\/td>\n<td style=\"width: 32.4394%; text-align: center; height: 24px;\">&nbsp;<\/td>\n<\/tr>\n<\/tbody>\n<\/table>\n<p>&nbsp;<\/p>\n","protected":false},"excerpt":{"rendered":"<p>Direktion: Dir. Christian Wendy &nbsp; &nbsp; &nbsp; &nbsp; Schulleitung: Dipl. P\u00e4d. Andrea Nemesch &nbsp; &nbsp; &nbsp; Klassenf\u00fchrend 1a: Prof. Natalie Gr\u00fcninger, BEd&nbsp; &nbsp; &nbsp; &nbsp; Klassenf\u00fchrend 1b: Dipl. P\u00e4d. Petra Engelmaier &nbsp; &nbsp; &nbsp; &nbsp; Klassenf\u00fchrend 2a: Dipl. P\u00e4d. Verena Holzinger &nbsp; &nbsp; &nbsp; Klassenf\u00fchrend 2b: Dipl. P\u00e4d. Doris Weiss-Lauer &nbsp; &nbsp; &nbsp; &nbsp; Klassenf\u00fchrend [&hellip;]<\/p>\n","protected":false},"author":6,"featured_media":0,"parent":0,"menu_order":0,"comment_status":"closed","ping_status":"closed","template":"","meta":{"ngg_post_thumbnail":0,"footnotes":""},"class_list":["post-9176","page","type-page","status-publish","hentry"],"_links":{"self":[{"href":"https:\/\/vsmatzen-raggendorf.ac.at\/index.php?rest_route=\/wp\/v2\/pages\/9176"}],"collection":[{"href":"https:\/\/vsmatzen-raggendorf.ac.at\/index.php?rest_route=\/wp\/v2\/pages"}],"about":[{"href":"https:\/\/vsmatzen-raggendorf.ac.at\/index.php?rest_route=\/wp\/v2\/types\/page"}],"author":[{"embeddable":true,"href":"https:\/\/vsmatzen-raggendorf.ac.at\/index.php?rest_route=\/wp\/v2\/users\/6"}],"replies":[{"embeddable":true,"href":"https:\/\/vsmatzen-raggendorf.ac.at\/index.php?rest_route=%2Fwp%2Fv2%2Fcomments&post=9176"}],"version-history":[{"count":40,"href":"https:\/\/vsmatzen-raggendorf.ac.at\/index.php?rest_route=\/wp\/v2\/pages\/9176\/revisions"}],"predecessor-version":[{"id":10328,"href":"https:\/\/vsmatzen-raggendorf.ac.at\/index.php?rest_route=\/wp\/v2\/pages\/9176\/revisions\/10328"}],"wp:attachment":[{"href":"https:\/\/vsmatzen-raggendorf.ac.at\/index.php?rest_route=%2Fwp%2Fv2%2Fmedia&parent=9176"}],"curies":[{"name":"wp","href":"https:\/\/api.w.org\/{rel}","templated":true}]}}